{"id":4654,"date":"2023-06-06T15:38:26","date_gmt":"2023-06-06T14:38:26","guid":{"rendered":"http:\/\/ed-mb.si\/?page_id=4654"},"modified":"2023-10-25T16:45:03","modified_gmt":"2023-10-25T15:45:03","slug":"ekskurzije-2023","status":"publish","type":"page","link":"http:\/\/ed-mb.si\/?page_id=4654","title":{"rendered":"Ekskurzije 2023"},"content":{"rendered":"\n<p class=\"has-vivid-purple-color has-pale-cyan-blue-background-color has-text-color has-background has-large-font-size\"><strong>Gori\u010dko<\/strong><\/p>\n\n\n\n<p>Vo\u017dnja &nbsp;iz &nbsp;Maribora &nbsp;proti &nbsp;Bolehne\u010di\u010dem, &nbsp;kjer &nbsp;smo si &nbsp;<strong>ogledali tehnl\u010dni-etnolo\u0161ki &nbsp;muzej. &nbsp;<\/strong>Muzej &nbsp;deluje &nbsp;od leta 2004 &nbsp;in opravlja pomembno poslanstvo &nbsp;pri&nbsp; varovanju in razvoju &nbsp;premi\u010dne kulturne dedi\u0161\u010dine s poudarkom na kmetijski&nbsp; tehniki. Dru\u0161tvo, &nbsp;ki &nbsp;upravlja&nbsp; z muzejem &nbsp;je izjemno aktivno, saj &nbsp;pripravlja &nbsp;in organizira tudi \u0161tevilne dogodke &nbsp;(sre\u010danje &nbsp;mopedistov, &nbsp;traktoristov, &nbsp;motoristov &nbsp;itd.), &nbsp;tako &nbsp;smo imeli  zanimivo &nbsp;predstavitev &nbsp;in &nbsp;ogled. Sledila je vo\u017enja do Gerlincev, kjer smo si &nbsp; na turisti\u010dni kmetiji privo\u0161\u010dili &nbsp;<strong>vinsko degustacijo 5 sort vina s kruhom,<\/strong> <strong>sirom&nbsp;in ocvirkovko. &nbsp;<\/strong>Na poti &nbsp;do gradu Grad,  smo se &nbsp;ustavili&nbsp;&nbsp;v Perto\u010di, &nbsp;kjer cerkev <strong>sv. Helene krasi 92m2<\/strong> <strong>velik mozaik, <\/strong>zanimiv &nbsp;pa je tudi <strong>izvir Slatine <\/strong>v Nuskovi.&nbsp; Kon\u010dno smo&nbsp;prispeli &nbsp;do gradu Grad,&nbsp; najve\u010dji grad na Slovenskem, &nbsp;ki stoji &nbsp;na enem &nbsp;izmed vulkanskih gri\u010dev, &nbsp;<strong>Na ogledu gradu, <\/strong>ki ima &nbsp;kar 365 sob in \u0161teje \u010dez 800 let, smo izvedeli \u0161tevilne legende in grajske skrivnosti. &nbsp;V neposredni okolici gradu je ve\u010d energijskih mest, &nbsp;prav tako je &nbsp;energetsko &nbsp;polje pred glavnim &nbsp;vhodom. &nbsp;\u010cude\u017ene mo\u010di je na grajskem &nbsp;dvori\u0161\u010du na pretek. Sledi &nbsp;je zaklju\u010dek na\u0161ega &nbsp;izleta. &nbsp;V dobri &nbsp;doma\u010di&nbsp;gostilni &nbsp;na&nbsp; obronkih&nbsp; &nbsp;Gori\u010dkega&nbsp; smo si privo\u0161\u010dili <strong>okusno pozno kosilo. <\/strong><\/p>\n\n\n\n<p class=\"has-text-align-center\">foto:Gero Angleitner<\/p>\n\n\n\n<div class=\"alignnormal\"><div id=\"metaslider-id-4643\" style=\"max-width: 600px; margin: 0 auto;\" class=\"ml-slider-3-93-0 metaslider metaslider-nivo metaslider-4643 ml-slider ms-theme-nivo-bar has-dots-nav\" role=\"region\" aria-roledescription=\"Slideshow\" aria-label=\"Gori\u010dko\">\n    <div id=\"metaslider_container_4643\">\n        <div class='slider-wrapper theme-default'><div class='ribbon'><\/div><div id='metaslider_4643' class='nivoSlider'><img src=\"http:\/\/ed-mb.si\/wp-content\/uploads\/slika-05-scaled-600x400.jpg\" height=\"400\" width=\"600\" title=\"slika-05\" alt=\"\" class=\"slider-4643 slide-4649\" \/><img src=\"http:\/\/ed-mb.si\/wp-content\/uploads\/slika-03-scaled-600x400.jpg\" height=\"400\" width=\"600\" title=\"slika-03\" alt=\"\" class=\"slider-4643 slide-4651\" \/><img src=\"http:\/\/ed-mb.si\/wp-content\/uploads\/slika-07-scaled-600x400.jpg\" height=\"400\" width=\"600\" title=\"slika-07\" alt=\"\" class=\"slider-4643 slide-4647\" \/><img src=\"http:\/\/ed-mb.si\/wp-content\/uploads\/slika-09-scaled-600x400.jpg\" height=\"400\" width=\"600\" title=\"slika-09\" alt=\"\" class=\"slider-4643 slide-4645\" \/><img src=\"http:\/\/ed-mb.si\/wp-content\/uploads\/slika-02-scaled-600x400.jpg\" height=\"400\" width=\"600\" title=\"slika-02\" alt=\"\" class=\"slider-4643 slide-4652\" \/><img src=\"http:\/\/ed-mb.si\/wp-content\/uploads\/slika-10-scaled-600x400.jpg\" height=\"400\" width=\"600\" title=\"slika-10\" alt=\"\" class=\"slider-4643 slide-4644\" \/><img src=\"http:\/\/ed-mb.si\/wp-content\/uploads\/slika-04-scaled-600x400.jpg\" height=\"400\" width=\"600\" title=\"slika-04\" alt=\"\" class=\"slider-4643 slide-4650\" \/><img src=\"http:\/\/ed-mb.si\/wp-content\/uploads\/slika-01-scaled-600x400.jpg\" height=\"400\" width=\"600\" title=\"slika-01\" alt=\"\" class=\"slider-4643 slide-4653\" \/><img src=\"http:\/\/ed-mb.si\/wp-content\/uploads\/slika-08-scaled-600x400.jpg\" height=\"400\" width=\"600\" title=\"slika-08\" alt=\"\" class=\"slider-4643 slide-4646\" \/><img src=\"http:\/\/ed-mb.si\/wp-content\/uploads\/slika-06-scaled-600x400.jpg\" height=\"400\" width=\"600\" title=\"slika-06\" alt=\"\" class=\"slider-4643 slide-4648\" \/><\/div><\/div>\n        \n    <\/div>\n<\/div><\/div>\n\n\n\n<p><\/p>\n\n\n\n<h2 class=\"wp-block-heading has-vivid-purple-color has-cyan-bluish-gray-background-color has-text-color has-background has-large-font-size\">Predor Pekel &#8211; Pesnica<\/h2>\n\n\n\n<p><\/p>\n\n\n\n<p>V petek 11. avgusta smo si \u010dlani elektrotehni\u0161kega dru\u0161tva Maribor ogledali predor Pekel:<\/p>\n\n\n\n<p>Na odseku \u017eelezni\u0161ke proge med postajama Maribor in Pesnica se sredi avgusta predal v obratovanje nov \u017eelezni\u0161ki predor Pekel in \u017eelezni\u0161ki viadukt Pesnica. Dol\u017eina predora je 1500 m, dol\u017eina viadukta je nekoliko manj kot 1000 m. Predor mora biti zgrajen skladno z evropsko zakonodajo&nbsp; o varnosti na \u017eeleznicah. Ogledali smo si izvedbo gradbenega dela, strojnih in elektrotehni\u0161kih naprav. V predor smo vstopili na platoju re\u0161evalnega rova, kjer so name\u0161\u010dene elektroenergetske naprave za napajanje porabnikov v predoru. Sledila je hoja skozi re\u0161evalni rov do predora in naprej do severnega portala. Sproti, ob ogledu je sledil  opis vgrajenih naprav v predoru in na severnem platoju predora.<\/p>\n\n\n\n<p><\/p>\n\n\n\n<div class=\"alignnormal\"><div id=\"metaslider-id-4682\" style=\"max-width: 600px; margin: 0 auto;\" class=\"ml-slider-3-93-0 metaslider metaslider-nivo metaslider-4682 ml-slider ms-theme-nivo-bar has-dots-nav\" role=\"region\" aria-roledescription=\"Slideshow\" aria-label=\"Predor Pekel\">\n    <div id=\"metaslider_container_4682\">\n        <div class='slider-wrapper theme-default'><div class='ribbon'><\/div><div id='metaslider_4682' class='nivoSlider'><img src=\"http:\/\/ed-mb.si\/wp-content\/uploads\/predor-12-scaled-600x400.jpg\" height=\"400\" width=\"600\" title=\"predor-12\" alt=\"\" class=\"slider-4682 slide-4705\" \/><img src=\"http:\/\/ed-mb.si\/wp-content\/uploads\/predor-02-scaled-600x400.jpg\" height=\"400\" width=\"600\" title=\"predor-02\" alt=\"\" class=\"slider-4682 slide-4715\" \/><img src=\"http:\/\/ed-mb.si\/wp-content\/uploads\/predor-05-scaled-600x400.jpg\" height=\"400\" width=\"600\" title=\"predor-05\" alt=\"\" class=\"slider-4682 slide-4712\" \/><img src=\"http:\/\/ed-mb.si\/wp-content\/uploads\/predor-06-scaled-600x400.jpg\" height=\"400\" width=\"600\" title=\"predor-06\" alt=\"\" class=\"slider-4682 slide-4711\" \/><img src=\"http:\/\/ed-mb.si\/wp-content\/uploads\/predor-07-scaled-600x400.jpg\" height=\"400\" width=\"600\" title=\"predor-07\" alt=\"\" class=\"slider-4682 slide-4710\" \/><img src=\"http:\/\/ed-mb.si\/wp-content\/uploads\/predor-11-scaled-600x400.jpg\" height=\"400\" width=\"600\" title=\"predor-11\" alt=\"\" class=\"slider-4682 slide-4706\" \/><img src=\"http:\/\/ed-mb.si\/wp-content\/uploads\/predor-16-scaled-600x400.jpg\" height=\"400\" width=\"600\" title=\"predor-16\" alt=\"\" class=\"slider-4682 slide-4704\" \/><img src=\"http:\/\/ed-mb.si\/wp-content\/uploads\/predor-09-scaled-600x400.jpg\" height=\"400\" width=\"600\" title=\"predor-09\" alt=\"\" class=\"slider-4682 slide-4708\" \/><img src=\"http:\/\/ed-mb.si\/wp-content\/uploads\/predor-03-scaled-600x400.jpg\" height=\"400\" width=\"600\" title=\"predor-03\" alt=\"\" class=\"slider-4682 slide-4714\" \/><img src=\"http:\/\/ed-mb.si\/wp-content\/uploads\/predor-17-scaled-600x400.jpg\" height=\"400\" width=\"600\" title=\"predor-17\" alt=\"\" class=\"slider-4682 slide-4700\" \/><img src=\"http:\/\/ed-mb.si\/wp-content\/uploads\/predor-01-scaled-600x400.jpg\" height=\"400\" width=\"600\" title=\"predor-01\" alt=\"\" class=\"slider-4682 slide-4716\" \/><img src=\"http:\/\/ed-mb.si\/wp-content\/uploads\/predor-15-scaled-600x400.jpg\" height=\"400\" width=\"600\" title=\"predor-15\" alt=\"\" class=\"slider-4682 slide-4701\" \/><img src=\"http:\/\/ed-mb.si\/wp-content\/uploads\/predor-04-scaled-600x400.jpg\" height=\"400\" width=\"600\" title=\"predor-04\" alt=\"\" class=\"slider-4682 slide-4713\" \/><img src=\"http:\/\/ed-mb.si\/wp-content\/uploads\/predor-10-scaled-600x400.jpg\" height=\"400\" width=\"600\" title=\"predor-10\" alt=\"\" class=\"slider-4682 slide-4707\" \/><img src=\"http:\/\/ed-mb.si\/wp-content\/uploads\/predor-14-scaled-600x400.jpg\" height=\"400\" width=\"600\" title=\"predor-14\" alt=\"\" class=\"slider-4682 slide-4703\" \/><img src=\"http:\/\/ed-mb.si\/wp-content\/uploads\/predor-13-scaled-600x400.jpg\" height=\"400\" width=\"600\" title=\"predor-13\" alt=\"\" class=\"slider-4682 slide-4702\" \/><img src=\"http:\/\/ed-mb.si\/wp-content\/uploads\/predor-08-scaled-600x400.jpg\" height=\"400\" width=\"600\" title=\"predor-08\" alt=\"\" class=\"slider-4682 slide-4709\" \/><\/div><\/div>\n        \n    <\/div>\n<\/div><\/div>\n\n\n\n<p><\/p>\n\n\n\n<h2 class=\"wp-block-heading has-vivid-red-color has-luminous-vivid-amber-background-color has-text-color has-background has-large-font-size\">Gorenjska<\/h2>\n\n\n\n<p class=\"has-text-align-left\">Vo\u017enja iz Maribora na Gorenjsko. Ob prihodu  si najprej privo\u0161\u010dimo, da neposredno do\u017eivimo kulturo in pokrajino doma\u010dih krajev skozi okusen in obilen TA\u2019DAMA\u010c zajtrk. TA\u2019DAMA\u010c je pogovorna beseda, ki izhaja iz dialekta Zgornjesavske doline in pomeni lokalno, doma\u010de. Po okrep\u010dilu smo se odpravili na ogled HE MOSTE. Po ogledu hidroelektrarne Moste smo se odpravili na kosilo v gostilno Lovski dom pod Stolom. Gostilna slovi po preprosti, doma\u010di hrani med katerimi izstopajo odli\u010dna pe\u010dena rebra. Sledila je vo\u017enja v Begunje, kjer smo si  ogledali Alpski smu\u010darski muzej Elan, ki se lahko pohvali z bogato zgodovino izdelovanja smu\u010di. Elan je v svoji ve\u010d kot sedemdesetletni zgodovini s svojimi inovacijami velikokrat spremenil razvoj smu\u010danja. Imel je druga\u010den pogled, bil je pionir, bil je prvi. Kot prvi proizvajalec smu\u010darske opreme je odprl lastni Alpski smu\u010darski muzej. Primerno \u201c\u017eejni\u201d se odpravimo na poku\u0161ino doma\u010dega craft piva. Preden povratkom smo se ustavili \u0161e na Bledu, kjer smo si  privo\u0161\u010dili blejskokrem\u0161nito, kavo ali preprosto u\u017eivanje v \u010dudoviti naravni kulisi blejskega jezera. <\/p>\n\n\n\n<div class=\"alignnormal\"><div id=\"metaslider-id-4736\" style=\"max-width: 600px; margin: 0 auto;\" class=\"ml-slider-3-93-0 metaslider metaslider-nivo metaslider-4736 ml-slider ms-theme-nivo-bar has-dots-nav\" role=\"region\" aria-roledescription=\"Slideshow\" aria-label=\"Gorenjska\">\n    <div id=\"metaslider_container_4736\">\n        <div class='slider-wrapper theme-default'><div class='ribbon'><\/div><div id='metaslider_4736' class='nivoSlider'><img src=\"http:\/\/ed-mb.si\/wp-content\/uploads\/slika-4-2-scaled-600x400.jpg\" height=\"400\" width=\"600\" title=\"slika-4\" alt=\"\" class=\"slider-4736 slide-4742\" \/><img src=\"http:\/\/ed-mb.si\/wp-content\/uploads\/slika-3-2-scaled-600x400.jpg\" height=\"400\" width=\"600\" title=\"slika-3\" alt=\"\" class=\"slider-4736 slide-4743\" \/><img src=\"http:\/\/ed-mb.si\/wp-content\/uploads\/slika-5-2-scaled-600x400.jpg\" height=\"400\" width=\"600\" title=\"slika-5\" alt=\"\" class=\"slider-4736 slide-4741\" \/><img src=\"http:\/\/ed-mb.si\/wp-content\/uploads\/slika-2-2-scaled-600x400.jpg\" height=\"400\" width=\"600\" title=\"slika-2\" alt=\"\" class=\"slider-4736 slide-4744\" \/><img src=\"http:\/\/ed-mb.si\/wp-content\/uploads\/slika-6-2-scaled-600x400.jpg\" height=\"400\" width=\"600\" title=\"slika-6\" alt=\"\" class=\"slider-4736 slide-4740\" \/><img src=\"http:\/\/ed-mb.si\/wp-content\/uploads\/slika-1-2-scaled-600x400.jpg\" height=\"400\" width=\"600\" title=\"slika-1\" alt=\"\" class=\"slider-4736 slide-4745\" \/><img src=\"http:\/\/ed-mb.si\/wp-content\/uploads\/slika-9-1-scaled-600x400.jpg\" height=\"400\" width=\"600\" title=\"slika-9\" alt=\"\" class=\"slider-4736 slide-4737\" \/><img src=\"http:\/\/ed-mb.si\/wp-content\/uploads\/slika-7-2-scaled-600x400.jpg\" height=\"400\" width=\"600\" title=\"slika-7\" alt=\"\" class=\"slider-4736 slide-4738\" \/><img src=\"http:\/\/ed-mb.si\/wp-content\/uploads\/slika-8-2-scaled-600x400.jpg\" height=\"400\" width=\"600\" title=\"slika-8\" alt=\"\" class=\"slider-4736 slide-4739\" \/><\/div><\/div>\n        \n    <\/div>\n<\/div><\/div>\n\n\n\n<p class=\"has-text-align-center\">foto: Gero Angleitner<\/p>\n","protected":false},"excerpt":{"rendered":"<p>Gori\u010dko Vo\u017dnja &nbsp;iz &nbsp;Maribora &nbsp;proti &nbsp;Bolehne\u010di\u010dem, &nbsp;kjer &nbsp;smo si &nbsp;ogledali tehnl\u010dni-etnolo\u0161ki &nbsp;muzej. &nbsp;Muzej &nbsp;deluje &nbsp;od leta 2004 &nbsp;in opravlja pomembno poslanstvo &nbsp;pri&nbsp; varovanju in razvoju &nbsp;premi\u010dne kulturne dedi\u0161\u010dine s poudarkom na kmetijski&nbsp; tehniki. Dru\u0161tvo, &nbsp;ki &nbsp;upravlja&nbsp; z muzejem &nbsp;je izjemno aktivno, saj &nbsp;pripravlja &nbsp;in organizira tudi \u0161tevilne dogodke &nbsp;(sre\u010danje &nbsp;mopedistov, &nbsp;traktoristov, &nbsp;motoristov &nbsp;itd.), &nbsp;tako &nbsp;smo [&hellip;]<\/p>\n","protected":false},"author":1,"featured_media":0,"parent":0,"menu_order":0,"comment_status":"closed","ping_status":"closed","template":"","meta":{"_monsterinsights_skip_tracking":false,"_monsterinsights_sitenote_active":false,"_monsterinsights_sitenote_note":"","_monsterinsights_sitenote_category":0,"ngg_post_thumbnail":0,"footnotes":""},"_links":{"self":[{"href":"http:\/\/ed-mb.si\/index.php?rest_route=\/wp\/v2\/pages\/4654"}],"collection":[{"href":"http:\/\/ed-mb.si\/index.php?rest_route=\/wp\/v2\/pages"}],"about":[{"href":"http:\/\/ed-mb.si\/index.php?rest_route=\/wp\/v2\/types\/page"}],"author":[{"embeddable":true,"href":"http:\/\/ed-mb.si\/index.php?rest_route=\/wp\/v2\/users\/1"}],"replies":[{"embeddable":true,"href":"http:\/\/ed-mb.si\/index.php?rest_route=%2Fwp%2Fv2%2Fcomments&post=4654"}],"version-history":[{"count":15,"href":"http:\/\/ed-mb.si\/index.php?rest_route=\/wp\/v2\/pages\/4654\/revisions"}],"predecessor-version":[{"id":4756,"href":"http:\/\/ed-mb.si\/index.php?rest_route=\/wp\/v2\/pages\/4654\/revisions\/4756"}],"wp:attachment":[{"href":"http:\/\/ed-mb.si\/index.php?rest_route=%2Fwp%2Fv2%2Fmedia&parent=4654"}],"curies":[{"name":"wp","href":"https:\/\/api.w.org\/{rel}","templated":true}]}}